{"id":9461,"date":"2018-06-14T14:52:52","date_gmt":"2018-06-14T12:52:52","guid":{"rendered":"http:\/\/utrera.salesianos.edu\/colegio\/?page_id=9461"},"modified":"2026-02-23T13:28:21","modified_gmt":"2026-02-23T12:28:21","slug":"orientacion","status":"publish","type":"page","link":"https:\/\/utrera.salesianos.edu\/colegio\/orientacion\/","title":{"rendered":"Orientaci\u00f3n"},"content":{"rendered":"<div id=\"fb-root\"><\/div>\n<p>[et_pb_section fb_built=\u00bb1&#8243; fullwidth=\u00bbon\u00bb _builder_version=\u00bb4.16&#8243; global_colors_info=\u00bb{}\u00bb][et_pb_fullwidth_header title=\u00bbOrientaci\u00f3n\u00bb module_class=\u00bbpagina-imagen-cabecera\u00bb _builder_version=\u00bb4.23.1&#8243; title_font=\u00bbAmatic SC||||||||\u00bb title_text_color=\u00bb#ffffff\u00bb title_font_size=\u00bb40px\u00bb background_color=\u00bbrgba(255, 255, 255, 0)\u00bb background_image=\u00bbhttps:\/\/inspectoria.salesianos.edu\/wp-content\/uploads\/2017\/09\/ImagenPAGINA.jpg\u00bb background_layout=\u00bblight\u00bb max_width_tablet=\u00bb50px\u00bb text_shadow_style=\u00bbpreset3&#8243; global_colors_info=\u00bb{}\u00bb button_one_text_size__hover_enabled=\u00bboff\u00bb button_two_text_size__hover_enabled=\u00bboff\u00bb button_one_text_color__hover_enabled=\u00bboff\u00bb button_two_text_color__hover_enabled=\u00bboff\u00bb button_one_border_width__hover_enabled=\u00bboff\u00bb button_two_border_width__hover_enabled=\u00bboff\u00bb button_one_border_color__hover_enabled=\u00bboff\u00bb button_two_border_color__hover_enabled=\u00bboff\u00bb button_one_border_radius__hover_enabled=\u00bboff\u00bb button_two_border_radius__hover_enabled=\u00bboff\u00bb button_one_letter_spacing__hover_enabled=\u00bboff\u00bb button_two_letter_spacing__hover_enabled=\u00bboff\u00bb button_one_bg_color__hover_enabled=\u00bboff\u00bb button_two_bg_color__hover_enabled=\u00bboff\u00bb][\/et_pb_fullwidth_header][\/et_pb_section][et_pb_section fb_built=\u00bb1&#8243; module_class=\u00bbpagina-seccion-contenido\u00bb _builder_version=\u00bb4.16&#8243; custom_padding=\u00bb0%|||\u00bb global_colors_info=\u00bb{}\u00bb][et_pb_row module_class=\u00bbpagina-texto\u00bb _builder_version=\u00bb4.16&#8243; background_size=\u00bbinitial\u00bb background_position=\u00bbtop_left\u00bb background_repeat=\u00bbrepeat\u00bb custom_margin=\u00bb25px|||\u00bb custom_padding=\u00bb25px|||\u00bb global_colors_info=\u00bb{}\u00bb][et_pb_column type=\u00bb4_4&#8243; _builder_version=\u00bb4.16&#8243; custom_padding=\u00bb|||\u00bb global_colors_info=\u00bb{}\u00bb custom_padding__hover=\u00bb|||\u00bb][et_pb_text _builder_version=\u00bb4.23.1&#8243; header_font=\u00bbAmatic SC||||||||\u00bb header_font_size=\u00bb28px\u00bb background_size=\u00bbinitial\u00bb background_position=\u00bbtop_left\u00bb background_repeat=\u00bbrepeat\u00bb global_colors_info=\u00bb{}\u00bb]<\/p>\n<h1><strong>Orientaci\u00f3n<\/strong><\/h1>\n<p>[\/et_pb_text][et_pb_text _builder_version=\u00bb4.16&#8243; global_colors_info=\u00bb{}\u00bb]<\/p>\n<p>Nuestra escuela desarrolla su labor orientadora con el esp\u00edritu de D.Bosco, caracterizado por: el criterio preventivo, el ambiente educativo, la relaci\u00f3n educativa personal, la presencia-asistencia, la oferta respetuosa de la experiencia de fe y la propuesta de compromiso cristiano.<\/p>\n<p>[\/et_pb_text][et_pb_testimonial author=\u00bbD.  Manuel Nieto (orientacion.utrera@salesianos.edu)\u00bb job_title=\u00bbCoordinador del departamento de orientaci\u00f3n\u00bb url=\u00bbmailto:orientacion.utrera@salesianos.edu\u00bb _builder_version=\u00bb4.16&#8243; background_size=\u00bbinitial\u00bb background_position=\u00bbtop_left\u00bb background_repeat=\u00bbrepeat\u00bb vertical_offset_tablet=\u00bb0&#8243; horizontal_offset_tablet=\u00bb0&#8243; custom_margin=\u00bb35px|||\u00bb z_index_tablet=\u00bb0&#8243; author_text_shadow_horizontal_length_tablet=\u00bb0px\u00bb author_text_shadow_vertical_length_tablet=\u00bb0px\u00bb author_text_shadow_blur_strength_tablet=\u00bb1px\u00bb position_text_shadow_horizontal_length_tablet=\u00bb0px\u00bb position_text_shadow_vertical_length_tablet=\u00bb0px\u00bb position_text_shadow_blur_strength_tablet=\u00bb1px\u00bb company_text_shadow_horizontal_length_tablet=\u00bb0px\u00bb company_text_shadow_vertical_length_tablet=\u00bb0px\u00bb company_text_shadow_blur_strength_tablet=\u00bb1px\u00bb body_link_text_shadow_horizontal_length_tablet=\u00bb0px\u00bb body_link_text_shadow_vertical_length_tablet=\u00bb0px\u00bb body_link_text_shadow_blur_strength_tablet=\u00bb1px\u00bb body_ul_text_shadow_horizontal_length_tablet=\u00bb0px\u00bb body_ul_text_shadow_vertical_length_tablet=\u00bb0px\u00bb body_ul_text_shadow_blur_strength_tablet=\u00bb1px\u00bb body_ol_text_shadow_horizontal_length_tablet=\u00bb0px\u00bb body_ol_text_shadow_vertical_length_tablet=\u00bb0px\u00bb body_ol_text_shadow_blur_strength_tablet=\u00bb1px\u00bb body_quote_text_shadow_horizontal_length_tablet=\u00bb0px\u00bb body_quote_text_shadow_vertical_length_tablet=\u00bb0px\u00bb body_quote_text_shadow_blur_strength_tablet=\u00bb1px\u00bb box_shadow_horizontal_tablet=\u00bb0px\u00bb box_shadow_vertical_tablet=\u00bb0px\u00bb box_shadow_blur_tablet=\u00bb40px\u00bb box_shadow_spread_tablet=\u00bb0px\u00bb box_shadow_horizontal_image_tablet=\u00bb0px\u00bb box_shadow_vertical_image_tablet=\u00bb0px\u00bb box_shadow_blur_image_tablet=\u00bb40px\u00bb box_shadow_spread_image_tablet=\u00bb0px\u00bb text_shadow_horizontal_length_tablet=\u00bb0px\u00bb text_shadow_vertical_length_tablet=\u00bb0px\u00bb text_shadow_blur_strength_tablet=\u00bb1px\u00bb border_style=\u00bbsolid\u00bb global_colors_info=\u00bb{}\u00bb]<\/p>\n<p>Hola a todos\/as!<\/p>\n<p>Soy Manuel Nieto Rodr\u00edguez, coordinador del Departamento de Orientaci\u00f3n. Somos un equipo con diferentes funciones que trabajan distribuidos en las diferentes etapas en colaboraci\u00f3n con el resto del claustro y de las familias, para que las respuestas ofrecidas sean lo m\u00e1s eficaces posible, damos lo mejor de nosotros para hacer que el sue\u00f1o de Don Bosco siga siendo una realidad aqu\u00ed en Utrera.<\/p>\n<p>[\/et_pb_testimonial][\/et_pb_column][\/et_pb_row][et_pb_row _builder_version=\u00bb4.16&#8243; global_colors_info=\u00bb{}\u00bb][et_pb_column type=\u00bb4_4&#8243; _builder_version=\u00bb4.16&#8243; custom_padding=\u00bb|||\u00bb global_colors_info=\u00bb{}\u00bb custom_padding__hover=\u00bb|||\u00bb][et_pb_text _builder_version=\u00bb4.23.1&#8243; text_font=\u00bbAmatic SC||||||||\u00bb text_text_color=\u00bb#e02b20&#8243; text_font_size=\u00bb29px\u00bb header_font=\u00bbAmatic SC||||||||\u00bb header_font_size=\u00bb29px\u00bb custom_margin=\u00bb||25px|\u00bb global_colors_info=\u00bb{}\u00bb]<\/p>\n<h1>Para saber m\u00e1s sobre&#8230;<\/h1>\n<p>[\/et_pb_text][et_pb_tabs _builder_version=\u00bb4.16&#8243; global_colors_info=\u00bb{}\u00bb][et_pb_tab title=\u00bbObjetivos\u00bb _builder_version=\u00bb4.16&#8243; body_font=\u00bb||||\u00bb tab_font=\u00bb||||\u00bb global_colors_info=\u00bb{}\u00bb]<\/p>\n<h2 style=\"text-align: justify;\">Objetivos<\/h2>\n<ul>\n<li>Pretende con su intervenci\u00f3n, el desarrollo pleno e integral del\u00a0 alumnado, tanto en su aspecto social, afectivo, intelectual y f\u00edsico.<\/li>\n<li>Coordinar la elaboraci\u00f3n y puesta en pr\u00e1ctica del Plan de Acci\u00f3n Tutorial, la Orientaci\u00f3n Acad\u00e9mica y Profesional y la Atenci\u00f3n a la Diversidad.<\/li>\n<li>Colaboraci\u00f3n y coordinaci\u00f3n con el profesorado, alumnos\/as, las familias, el entorno y la comunidad.<\/li>\n<li>Contribuir a la prevenci\u00f3n e identificaci\u00f3n temprana de las dificultades de\u00a0 aprendizaje, coordinando la puesta en marcha de las medidas educativas pertinentes.<\/li>\n<li>Favorecer el tr\u00e1nsito y la coordinaci\u00f3n entre las diferentes etapas educativas.<\/li>\n<li>Animar el proceso de actualizaci\u00f3n pedag\u00f3gica y pastoral iniciado por el centro.<\/li>\n<\/ul>\n<p>[\/et_pb_tab][et_pb_tab title=\u00bbAtenci\u00f3n a la diversidad\u00bb _builder_version=\u00bb4.16&#8243; body_font=\u00bb||||\u00bb tab_font=\u00bb||||\u00bb global_colors_info=\u00bb{}\u00bb]<\/p>\n<h2 style=\"text-align: justify;\">Atenci\u00f3n a la diversidad<\/h2>\n<p>Las estrategias psicopedag\u00f3gicas de intervenci\u00f3n para responder a la diversidad, abarcan desde medidas preventivas, hasta intervenciones espec\u00edficas con alumnos que presenten problemas de aprendizaje o que requieran mayor atenci\u00f3n.<\/p>\n<p>En este sentido, el Departamento de Orientaci\u00f3n se encarga de realizar las siguientes funciones:<\/p>\n<ul>\n<li>Concebir la evaluaci\u00f3n psicopedag\u00f3gica como un recurso orientado a mejorar la\u00a0calidad de educaci\u00f3n con equidad, mediante su contribuci\u00f3n a la detecci\u00f3n de dificultades de aprendizaje o altas capacidades y la puesta en marcha de las medidas educativas correspondientes<\/li>\n<li>Ajustar las medidas de atenci\u00f3n a la diversidad a las distintas condiciones de capacidades, necesidades e intereses de los alumnos\/as.<\/li>\n<li>Garantizar una r\u00e1pida y eficaz adaptaci\u00f3n del alumnado al centro y al entorno.<\/li>\n<li>Mejorar los niveles de integraci\u00f3n conductual del alumnado con alteraciones del\u00a0comportamiento en el \u00e1mbito escolar.<\/li>\n<li>Garantizar una orientaci\u00f3n personalizada en funci\u00f3n de las caracter\u00edsticas y necesidades de los alumnos.<\/li>\n<li>Trazar l\u00edneas para el trabajo colaborativo entre familia y escuela.<\/li>\n<li>Trabajar con el E.O.E. de la zona para la recepci\u00f3n de los alumnos\/as con necesidades\u00a0 educativas especiales y sus dict\u00e1menes de escolarizaci\u00f3n.<\/li>\n<li>Asesorar al profesorado en el proceso de dichas medidas para desarrollar al m\u00e1ximo\u00a0las capacidades de los discentes atendidos.<\/li>\n<li>Organizar el aula de apoyo en funci\u00f3n de las necesidades de los pupilos.<\/li>\n<li>Analizar el conjunto de factores que intervienen en el proceso educativo: actividad del profesor, programaci\u00f3n, m\u00e9todo, materiales, organizaci\u00f3n del aula, tipo de comunicaci\u00f3n, etc.<\/li>\n<li>Tomar conciencia de la importancia que tiene la participaci\u00f3n y el trabajo colaborativo para una mejor consecuci\u00f3n de los fines educativos.<\/li>\n<li>Asesorar a las familias sobre el trabajo que puedan realizar con sus hijos, ya que es\u00a0fundamental una buena relaci\u00f3n y el trabajo compartido<\/li>\n<\/ul>\n<p>&nbsp;<\/p>\n<p>&nbsp;<\/p>\n<p>&nbsp;<\/p>\n<p>&nbsp;<\/p>\n<p>&nbsp;<br \/>\n[\/et_pb_tab][et_pb_tab title=\u00bbEquipo\u00bb _builder_version=\u00bb4.16&#8243; body_font=\u00bb||||\u00bb tab_font=\u00bb||||\u00bb hover_enabled=\u00bb0&#8243; global_colors_info=\u00bb{}\u00bb sticky_enabled=\u00bb0&#8243;]<\/p>\n<p>El Departamento de Orientaci\u00f3n est\u00e1 compuesto por profesores especialistas del aula de apoyo a la integraci\u00f3n y por los orientadores. Al mismo tiempo, se incorporan al Departamento en reuniones peri\u00f3dicas de coordinaci\u00f3n, profesores de apoyo, los tutores y profesores de los distintos cursos y la direcci\u00f3n del Centro:<\/p>\n<p>Director de Centro: D. Fernando Serrano Mu\u00f1oz<\/p>\n<p>Profesora de Apoyo y PT de Ed Infantil-Primaria: Lola Fern\u00e1ndez Garc\u00eda<\/p>\n<p>PT del aula de integraci\u00f3n: Jos\u00e9 Carlos Jim\u00e9nez Gonz\u00e1lez<\/p>\n<p>PT del aula de integraci\u00f3n: Cristina D\u00edaz Sousa<\/p>\n<p>PT del aula de integraci\u00f3n: M\u00aa Inmaculada Mill\u00e1n Romero<\/p>\n<p>Orientadora de Educaci\u00f3n Infantil-Primaria-1\u00ba-2\u00ba de ESO : M\u00aa Luisa Bengoechea Romero<\/p>\n<p>Orientador 3\u00ba-4\u00ba de\u00a0 Secundaria-CFGB-Bachillerato: Manuel Nieto Rodr\u00edguez<\/p>\n<p>Coordinador del departamento de Orientaci\u00f3n: Manuel Nieto Rodr\u00edguez.<\/p>\n<ul><\/ul>\n<p>[\/et_pb_tab][\/et_pb_tabs][\/et_pb_column][\/et_pb_row][et_pb_row admin_label=\u00bbPREGUNTAS FRECUNTES\u00bb _builder_version=\u00bb4.16&#8243; custom_margin=\u00bb0px|||\u00bb custom_padding=\u00bb0px|0px|23.96875px|0px\u00bb global_colors_info=\u00bb{}\u00bb][et_pb_column type=\u00bb4_4&#8243; _builder_version=\u00bb4.16&#8243; custom_padding=\u00bb|||\u00bb global_colors_info=\u00bb{}\u00bb custom_padding__hover=\u00bb|||\u00bb][et_pb_text _builder_version=\u00bb4.23.1&#8243; text_font=\u00bb||||\u00bb text_font_size=\u00bb21px\u00bb header_font=\u00bbAmatic SC||||||||\u00bb header_font_size=\u00bb35px\u00bb background_color=\u00bb#e02b20&#8243; background_layout=\u00bbdark\u00bb custom_margin=\u00bb25px|||\u00bb custom_padding=\u00bb20px||10px|\u00bb global_colors_info=\u00bb{}\u00bb]<\/p>\n<h1>\u00a0 \u00a0 <strong>PREGUNTAS FRECUENTES<\/strong><\/h1>\n<p>[\/et_pb_text][et_pb_accordion _builder_version=\u00bb4.16&#8243; toggle_text_color=\u00bb#dc001b\u00bb toggle_font_size=\u00bb17px\u00bb border_width_all=\u00bb0px\u00bb border_color_all=\u00bb#e5e5e5&#8243; use_border_color=\u00bbon\u00bb global_colors_info=\u00bb{}\u00bb][et_pb_accordion_item title=\u00bb\u00bfC\u00f3mo puedo contactar con la orientador?\u00bb open=\u00bbon\u00bb _builder_version=\u00bb4.16&#8243; global_colors_info=\u00bb{}\u00bb]<\/p>\n<ul>\n<li>La atenci\u00f3n a los alumnos y a las familias ser\u00e1 a trav\u00e9s de los tutores\/as del alumnado. El Equipo de Orientaci\u00f3n gestionar\u00e1 las diferentes actuaciones a realizar.\u00a0Tambi\u00e9n pueden concertar una cita a trav\u00e9s de Qe.<\/li>\n<\/ul>\n<p>[\/et_pb_accordion_item][et_pb_accordion_item title=\u00bb\u00bfQui\u00e9n puede derivar a mi hijo\/a al Dpto. de Orientaci\u00f3n?\u00bb _builder_version=\u00bb4.16&#8243; global_colors_info=\u00bb{}\u00bb open=\u00bboff\u00bb]A trav\u00e9s del tutor, o concertando una entrevista a trav\u00e9s de Qe.<br \/>\n[\/et_pb_accordion_item][\/et_pb_accordion][\/et_pb_column][\/et_pb_row][\/et_pb_section]<\/p>\n","protected":false},"excerpt":{"rendered":"<p>Orientaci\u00f3nNuestra escuela desarrolla su labor orientadora con el esp\u00edritu de D.Bosco, caracterizado por: el criterio preventivo, el ambiente educativo, la relaci\u00f3n educativa personal, la presencia-asistencia, la oferta respetuosa de la experiencia de fe y la propuesta de compromiso cristiano. Hola a todos\/as! Soy Manuel Nieto Rodr\u00edguez, coordinador del Departamento de Orientaci\u00f3n. Somos un equipo con [&hellip;]<\/p>\n","protected":false},"author":2,"featured_media":0,"parent":0,"menu_order":0,"comment_status":"closed","ping_status":"closed","template":"","meta":{"_et_pb_use_builder":"on","_et_pb_old_content":"","_et_gb_content_width":"","footnotes":""},"class_list":["post-9461","page","type-page","status-publish","hentry"],"yoast_head":"<!-- This site is optimized with the Yoast SEO plugin v28.3 - https:\/\/yoast.com\/product\/yoast-seo-wordpress\/ -->\n<title>Orientaci\u00f3n - Colegio<\/title>\n<meta name=\"robots\" content=\"index, follow, max-snippet:-1, max-image-preview:large, max-video-preview:-1\" \/>\n<link rel=\"canonical\" href=\"https:\/\/utrera.salesianos.edu\/colegio\/orientacion\/\" \/>\n<meta property=\"og:locale\" content=\"es_ES\" \/>\n<meta property=\"og:type\" content=\"article\" \/>\n<meta property=\"og:title\" content=\"Orientaci\u00f3n - Colegio\" \/>\n<meta property=\"og:description\" content=\"Orientaci\u00f3nNuestra escuela desarrolla su labor orientadora con el esp\u00edritu de D.Bosco, caracterizado por: el criterio preventivo, el ambiente educativo, la relaci\u00f3n educativa personal, la presencia-asistencia, la oferta respetuosa de la experiencia de fe y la propuesta de compromiso cristiano. Hola a todos\/as! Soy Manuel Nieto Rodr\u00edguez, coordinador del Departamento de Orientaci\u00f3n. Somos un equipo con [&hellip;]\" \/>\n<meta property=\"og:url\" content=\"https:\/\/utrera.salesianos.edu\/colegio\/orientacion\/\" \/>\n<meta property=\"og:site_name\" content=\"Colegio\" \/>\n<meta property=\"article:modified_time\" content=\"2026-02-23T12:28:21+00:00\" \/>\n<meta name=\"twitter:card\" content=\"summary_large_image\" \/>\n<meta name=\"twitter:label1\" content=\"Tiempo de lectura\" \/>\n\t<meta name=\"twitter:data1\" content=\"3 minutos\" \/>\n<script type=\"application\/ld+json\" class=\"yoast-schema-graph\">{\"@context\":\"https:\\\/\\\/schema.org\",\"@graph\":[{\"@type\":\"WebPage\",\"@id\":\"https:\\\/\\\/utrera.salesianos.edu\\\/colegio\\\/orientacion\\\/\",\"url\":\"https:\\\/\\\/utrera.salesianos.edu\\\/colegio\\\/orientacion\\\/\",\"name\":\"Orientaci\u00f3n - Colegio\",\"isPartOf\":{\"@id\":\"https:\\\/\\\/utrera.salesianos.edu\\\/colegio\\\/#website\"},\"datePublished\":\"2018-06-14T12:52:52+00:00\",\"dateModified\":\"2026-02-23T12:28:21+00:00\",\"breadcrumb\":{\"@id\":\"https:\\\/\\\/utrera.salesianos.edu\\\/colegio\\\/orientacion\\\/#breadcrumb\"},\"inLanguage\":\"es\",\"potentialAction\":[{\"@type\":\"ReadAction\",\"target\":[\"https:\\\/\\\/utrera.salesianos.edu\\\/colegio\\\/orientacion\\\/\"]}]},{\"@type\":\"BreadcrumbList\",\"@id\":\"https:\\\/\\\/utrera.salesianos.edu\\\/colegio\\\/orientacion\\\/#breadcrumb\",\"itemListElement\":[{\"@type\":\"ListItem\",\"position\":1,\"name\":\"Portada\",\"item\":\"https:\\\/\\\/utrera.salesianos.edu\\\/colegio\\\/\"},{\"@type\":\"ListItem\",\"position\":2,\"name\":\"Orientaci\u00f3n\"}]},{\"@type\":\"WebSite\",\"@id\":\"https:\\\/\\\/utrera.salesianos.edu\\\/colegio\\\/#website\",\"url\":\"https:\\\/\\\/utrera.salesianos.edu\\\/colegio\\\/\",\"name\":\"Colegio\",\"description\":\"P\u00e1gina oficial Salesianos Utrera\",\"potentialAction\":[{\"@type\":\"SearchAction\",\"target\":{\"@type\":\"EntryPoint\",\"urlTemplate\":\"https:\\\/\\\/utrera.salesianos.edu\\\/colegio\\\/?s={search_term_string}\"},\"query-input\":{\"@type\":\"PropertyValueSpecification\",\"valueRequired\":true,\"valueName\":\"search_term_string\"}}],\"inLanguage\":\"es\"}]}<\/script>\n<!-- \/ Yoast SEO plugin. -->","yoast_head_json":{"title":"Orientaci\u00f3n - Colegio","robots":{"index":"index","follow":"follow","max-snippet":"max-snippet:-1","max-image-preview":"max-image-preview:large","max-video-preview":"max-video-preview:-1"},"canonical":"https:\/\/utrera.salesianos.edu\/colegio\/orientacion\/","og_locale":"es_ES","og_type":"article","og_title":"Orientaci\u00f3n - Colegio","og_description":"Orientaci\u00f3nNuestra escuela desarrolla su labor orientadora con el esp\u00edritu de D.Bosco, caracterizado por: el criterio preventivo, el ambiente educativo, la relaci\u00f3n educativa personal, la presencia-asistencia, la oferta respetuosa de la experiencia de fe y la propuesta de compromiso cristiano. Hola a todos\/as! Soy Manuel Nieto Rodr\u00edguez, coordinador del Departamento de Orientaci\u00f3n. Somos un equipo con [&hellip;]","og_url":"https:\/\/utrera.salesianos.edu\/colegio\/orientacion\/","og_site_name":"Colegio","article_modified_time":"2026-02-23T12:28:21+00:00","twitter_card":"summary_large_image","twitter_misc":{"Tiempo de lectura":"3 minutos"},"schema":{"@context":"https:\/\/schema.org","@graph":[{"@type":"WebPage","@id":"https:\/\/utrera.salesianos.edu\/colegio\/orientacion\/","url":"https:\/\/utrera.salesianos.edu\/colegio\/orientacion\/","name":"Orientaci\u00f3n - Colegio","isPartOf":{"@id":"https:\/\/utrera.salesianos.edu\/colegio\/#website"},"datePublished":"2018-06-14T12:52:52+00:00","dateModified":"2026-02-23T12:28:21+00:00","breadcrumb":{"@id":"https:\/\/utrera.salesianos.edu\/colegio\/orientacion\/#breadcrumb"},"inLanguage":"es","potentialAction":[{"@type":"ReadAction","target":["https:\/\/utrera.salesianos.edu\/colegio\/orientacion\/"]}]},{"@type":"BreadcrumbList","@id":"https:\/\/utrera.salesianos.edu\/colegio\/orientacion\/#breadcrumb","itemListElement":[{"@type":"ListItem","position":1,"name":"Portada","item":"https:\/\/utrera.salesianos.edu\/colegio\/"},{"@type":"ListItem","position":2,"name":"Orientaci\u00f3n"}]},{"@type":"WebSite","@id":"https:\/\/utrera.salesianos.edu\/colegio\/#website","url":"https:\/\/utrera.salesianos.edu\/colegio\/","name":"Colegio","description":"P\u00e1gina oficial Salesianos Utrera","potentialAction":[{"@type":"SearchAction","target":{"@type":"EntryPoint","urlTemplate":"https:\/\/utrera.salesianos.edu\/colegio\/?s={search_term_string}"},"query-input":{"@type":"PropertyValueSpecification","valueRequired":true,"valueName":"search_term_string"}}],"inLanguage":"es"}]}},"_links":{"self":[{"href":"https:\/\/utrera.salesianos.edu\/colegio\/wp-json\/wp\/v2\/pages\/9461","targetHints":{"allow":["GET"]}}],"collection":[{"href":"https:\/\/utrera.salesianos.edu\/colegio\/wp-json\/wp\/v2\/pages"}],"about":[{"href":"https:\/\/utrera.salesianos.edu\/colegio\/wp-json\/wp\/v2\/types\/page"}],"author":[{"embeddable":true,"href":"https:\/\/utrera.salesianos.edu\/colegio\/wp-json\/wp\/v2\/users\/2"}],"replies":[{"embeddable":true,"href":"https:\/\/utrera.salesianos.edu\/colegio\/wp-json\/wp\/v2\/comments?post=9461"}],"version-history":[{"count":13,"href":"https:\/\/utrera.salesianos.edu\/colegio\/wp-json\/wp\/v2\/pages\/9461\/revisions"}],"predecessor-version":[{"id":19106,"href":"https:\/\/utrera.salesianos.edu\/colegio\/wp-json\/wp\/v2\/pages\/9461\/revisions\/19106"}],"wp:attachment":[{"href":"https:\/\/utrera.salesianos.edu\/colegio\/wp-json\/wp\/v2\/media?parent=9461"}],"curies":[{"name":"wp","href":"https:\/\/api.w.org\/{rel}","templated":true}]}}