{"id":9773,"date":"2018-09-18T12:50:21","date_gmt":"2018-09-18T10:50:21","guid":{"rendered":"http:\/\/utrera.salesianos.edu\/colegio\/?page_id=9773"},"modified":"2024-02-10T18:42:20","modified_gmt":"2024-02-10T17:42:20","slug":"ampa","status":"publish","type":"page","link":"https:\/\/utrera.salesianos.edu\/colegio\/ampa\/","title":{"rendered":"Con\u00f3cenos"},"content":{"rendered":"<div id=\"fb-root\"><\/div>\n<p>[et_pb_section fb_built=\u00bb1&#8243; fullwidth=\u00bbon\u00bb _builder_version=\u00bb4.16&#8243; global_colors_info=\u00bb{}\u00bb][et_pb_fullwidth_header title=\u00bbA M P A\u00bb module_class=\u00bbpagina-imagen-cabecera\u00bb _builder_version=\u00bb4.23.1&#8243; title_font=\u00bbAmatic SC|700|||||||\u00bb title_text_color=\u00bb#ffffff\u00bb title_font_size=\u00bb40px\u00bb background_color=\u00bbrgba(255, 255, 255, 0)\u00bb background_image=\u00bbhttps:\/\/inspectoria.salesianos.edu\/wp-content\/uploads\/2017\/09\/ImagenPAGINA.jpg\u00bb background_layout=\u00bblight\u00bb hover_enabled=\u00bb0&#8243; text_shadow_style=\u00bbpreset3&#8243; global_colors_info=\u00bb{}\u00bb button_one_text_size__hover_enabled=\u00bboff\u00bb button_one_text_size__hover=\u00bbnull\u00bb button_two_text_size__hover_enabled=\u00bboff\u00bb button_two_text_size__hover=\u00bbnull\u00bb button_one_text_color__hover_enabled=\u00bboff\u00bb button_one_text_color__hover=\u00bbnull\u00bb button_two_text_color__hover_enabled=\u00bboff\u00bb button_two_text_color__hover=\u00bbnull\u00bb button_one_border_width__hover_enabled=\u00bboff\u00bb button_one_border_width__hover=\u00bbnull\u00bb button_two_border_width__hover_enabled=\u00bboff\u00bb button_two_border_width__hover=\u00bbnull\u00bb button_one_border_color__hover_enabled=\u00bboff\u00bb button_one_border_color__hover=\u00bbnull\u00bb button_two_border_color__hover_enabled=\u00bboff\u00bb button_two_border_color__hover=\u00bbnull\u00bb button_one_border_radius__hover_enabled=\u00bboff\u00bb button_one_border_radius__hover=\u00bbnull\u00bb button_two_border_radius__hover_enabled=\u00bboff\u00bb button_two_border_radius__hover=\u00bbnull\u00bb button_one_letter_spacing__hover_enabled=\u00bboff\u00bb button_one_letter_spacing__hover=\u00bbnull\u00bb button_two_letter_spacing__hover_enabled=\u00bboff\u00bb button_two_letter_spacing__hover=\u00bbnull\u00bb button_one_bg_color__hover_enabled=\u00bboff\u00bb button_one_bg_color__hover=\u00bbnull\u00bb button_two_bg_color__hover_enabled=\u00bboff\u00bb button_two_bg_color__hover=\u00bbnull\u00bb sticky_enabled=\u00bb0&#8243;][\/et_pb_fullwidth_header][\/et_pb_section][et_pb_section fb_built=\u00bb1&#8243; module_class=\u00bbpagina-seccion-contenido\u00bb _builder_version=\u00bb4.16&#8243; custom_padding=\u00bb0%||49px|\u00bb global_colors_info=\u00bb{}\u00bb][et_pb_row column_structure=\u00bb2_3,1_3&#8243; _builder_version=\u00bb4.16&#8243; background_size=\u00bbinitial\u00bb background_position=\u00bbtop_left\u00bb background_repeat=\u00bbrepeat\u00bb custom_margin=\u00bb25px|||\u00bb custom_padding=\u00bb25px|0px|26px|0px\u00bb global_colors_info=\u00bb{}\u00bb][et_pb_column type=\u00bb2_3&#8243; _builder_version=\u00bb4.16&#8243; custom_padding=\u00bb|||\u00bb global_colors_info=\u00bb{}\u00bb custom_padding__hover=\u00bb|||\u00bb][et_pb_text _builder_version=\u00bb4.23.1&#8243; header_font=\u00bbAmatic SC|700|||||||\u00bb header_font_size=\u00bb31px\u00bb custom_margin=\u00bb|||\u00bb custom_padding=\u00bb|||\u00bb global_colors_info=\u00bb{}\u00bb]<\/p>\n<h1><strong>\u00bfQu\u00e9 es la Asociaci\u00f3n de Madres y Padres de Alumnos?<\/strong><\/h1>\n<p>[\/et_pb_text][et_pb_text _builder_version=\u00bb4.16&#8243; background_size=\u00bbinitial\u00bb background_position=\u00bbtop_left\u00bb background_repeat=\u00bbrepeat\u00bb text_orientation=\u00bbjustified\u00bb border_style=\u00bbsolid\u00bb global_colors_info=\u00bb{}\u00bb]La Asociaci\u00f3n de Madres y Padres de Alumnos quiere ser el camino\u00a0para la participaci\u00f3n de los padres en el \u00e1mbito escolar, colaborando\u00a0en la buena marcha del centro, promoviendo actividades y mejorando\u00a0equipamientos o materiales para el uso y aprovechamiento de los\u00a0alumnos directamente, mediante la cuota de socio que cada uno aporta.<br \/>\n[\/et_pb_text][\/et_pb_column][et_pb_column type=\u00bb1_3&#8243; _builder_version=\u00bb4.16&#8243; custom_padding=\u00bb|||\u00bb global_colors_info=\u00bb{}\u00bb custom_padding__hover=\u00bb|||\u00bb][et_pb_number_counter title=\u00bbFamilias socias\u00bb number=\u00bb600&#8243; percent_sign=\u00bboff\u00bb _builder_version=\u00bb4.23.1&#8243; title_font=\u00bbAmatic SC|700|||||||\u00bb title_font_size=\u00bb43&#8243; global_colors_info=\u00bb{}\u00bb][\/et_pb_number_counter][\/et_pb_column][\/et_pb_row][et_pb_row column_structure=\u00bb1_2,1_2&#8243; _builder_version=\u00bb4.16&#8243; background_size=\u00bbinitial\u00bb background_position=\u00bbtop_left\u00bb background_repeat=\u00bbrepeat\u00bb custom_margin=\u00bb25px|||\u00bb custom_padding=\u00bb25px|0px|26px|0px\u00bb global_colors_info=\u00bb{}\u00bb][et_pb_column type=\u00bb1_2&#8243; _builder_version=\u00bb4.16&#8243; custom_padding=\u00bb|||\u00bb global_colors_info=\u00bb{}\u00bb custom_padding__hover=\u00bb|||\u00bb][et_pb_text _builder_version=\u00bb4.23.1&#8243; header_font=\u00bbAmatic SC|700|||||||\u00bb header_font_size=\u00bb31px\u00bb custom_margin=\u00bb|||\u00bb custom_padding=\u00bb|||\u00bb global_colors_info=\u00bb{}\u00bb]<\/p>\n<h1><strong>Principales objetivos<\/strong><\/h1>\n<p>[\/et_pb_text][et_pb_text _builder_version=\u00bb4.16&#8243; background_size=\u00bbinitial\u00bb background_position=\u00bbtop_left\u00bb background_repeat=\u00bbrepeat\u00bb text_orientation=\u00bbjustified\u00bb global_colors_info=\u00bb{}\u00bb]- Seguir fomentando el acercamiento de los padres al Colegio<br \/>\n&#8211; Favorecer la colaboraci\u00f3n de los padres con el resto de la Comunidad\u00a0Educativa-pastoral<br \/>\n&#8211; Mantener informaci\u00f3n frecuente con los padres.<br \/>\n&#8211; Preocuparnos por atender las necesidades educativas y de medios\u00a0del Centro.<br \/>\n&#8211; Atender la educaci\u00f3n de nuestros hijos, sobre todo a trav\u00e9s de las\u00a0actividades extraescolares y dentro del horario escolar.<br \/>\n&#8211; Estudiar la acci\u00f3n educativa de Don Bosco, m\u00e1s en la celebraci\u00f3n del\u00a0bicentenario de su nacimiento.<br \/>\n&#8211; Aumentar el contacto con otras AMPAS, especialmente con las dem\u00e1s\u00a0de nuestra Inspector\u00eda, y con las de las salesianas, a trav\u00e9s de la\u00a0Federaci\u00f3n.<br \/>\n[\/et_pb_text][\/et_pb_column][et_pb_column type=\u00bb1_2&#8243; _builder_version=\u00bb4.16&#8243; custom_padding=\u00bb|||\u00bb global_colors_info=\u00bb{}\u00bb custom_padding__hover=\u00bb|||\u00bb][et_pb_image src=\u00bbhttp:\/\/utrera.salesianos.edu\/colegio\/wp-content\/uploads\/sites\/2\/2018\/09\/AMPA10.jpg\u00bb align_tablet=\u00bbcenter\u00bb align_phone=\u00bb\u00bb align_last_edited=\u00bbon|desktop\u00bb _builder_version=\u00bb4.16&#8243; global_colors_info=\u00bb{}\u00bb][\/et_pb_image][\/et_pb_column][\/et_pb_row][et_pb_row column_structure=\u00bb1_2,1_2&#8243; module_class=\u00bbpagina-texto\u00bb _builder_version=\u00bb4.16&#8243; background_size=\u00bbinitial\u00bb background_position=\u00bbtop_left\u00bb background_repeat=\u00bbrepeat\u00bb custom_margin=\u00bb|||\u00bb custom_padding=\u00bb25px|||\u00bb global_colors_info=\u00bb{}\u00bb][et_pb_column type=\u00bb1_2&#8243; _builder_version=\u00bb4.16&#8243; custom_padding=\u00bb|||\u00bb global_colors_info=\u00bb{}\u00bb custom_padding__hover=\u00bb|||\u00bb][et_pb_image src=\u00bbhttp:\/\/utrera.salesianos.edu\/colegio\/wp-content\/uploads\/sites\/2\/2018\/09\/AMPA6.jpg\u00bb align_tablet=\u00bbcenter\u00bb align_phone=\u00bb\u00bb align_last_edited=\u00bbon|desktop\u00bb _builder_version=\u00bb4.16&#8243; global_colors_info=\u00bb{}\u00bb][\/et_pb_image][et_pb_image src=\u00bbhttp:\/\/utrera.salesianos.edu\/colegio\/wp-content\/uploads\/sites\/2\/2018\/09\/AMPA3.jpg\u00bb align_tablet=\u00bbcenter\u00bb align_phone=\u00bb\u00bb align_last_edited=\u00bbon|desktop\u00bb _builder_version=\u00bb4.16&#8243; global_colors_info=\u00bb{}\u00bb][\/et_pb_image][\/et_pb_column][et_pb_column type=\u00bb1_2&#8243; _builder_version=\u00bb4.16&#8243; custom_padding=\u00bb|||\u00bb global_colors_info=\u00bb{}\u00bb custom_padding__hover=\u00bb|||\u00bb][et_pb_text _builder_version=\u00bb4.23.1&#8243; header_font=\u00bbAmatic SC|700|||||||\u00bb header_font_size=\u00bb31px\u00bb header_2_font=\u00bbLato|300|||||||\u00bb header_2_font_size=\u00bb28px\u00bb custom_margin=\u00bb|||\u00bb custom_padding=\u00bb|||\u00bb global_colors_info=\u00bb{}\u00bb]<\/p>\n<h1><strong>Nuestro equipo<\/strong><\/h1>\n<p>[\/et_pb_text][et_pb_text _builder_version=\u00bb4.16&#8243; background_size=\u00bbinitial\u00bb background_position=\u00bbtop_left\u00bb background_repeat=\u00bbrepeat\u00bb text_orientation=\u00bbjustified\u00bb global_colors_info=\u00bb{}\u00bb]<\/p>\n<p>&nbsp;<\/p>\n<ul>\n<li><strong>Director de la Obra<\/strong>:\u00a0 D. Ram\u00f3n Ronda Segrelles SDB<\/li>\n<li>D. Miguel Candau de C\u00e1ceres<\/li>\n<li>D\u00aa. Salom\u00e9 Reyero \u00c1lvarez<\/li>\n<li>D\u00aa. M\u00aa Trinidad Egea Ru\u00edz<\/li>\n<li>D\u00aa. Paqui Campanario Guti\u00e9rrez<\/li>\n<li>D\u00aa. Isabel Gonz\u00e1lez P\u00e9rez<\/li>\n<li>D\u00aa. Alicia Holgado P\u00e9rez<\/li>\n<li>D\u00aa. Elisabeth Jim\u00e9nez Granado<\/li>\n<li>D\u00aa. Consolaci\u00f3n Ortiz Rodr\u00edguez<\/li>\n<li>D\u00aa. Isabel M\u00aa L\u00f3pez Rom\u00e1n<\/li>\n<li>D\u00aa. M\u00aa Jos\u00e9 Medina L\u00f3pez<\/li>\n<li>D\u00aa. Ana Navarro Heredia<\/li>\n<li>D\u00aa. Cristina Redondo S\u00e1nchez<\/li>\n<li>D\u00aa. Inmaculada Rold\u00e1n Fern\u00e1ndez<\/li>\n<li>D. Adri\u00e1n Rodr\u00edguez Reina<\/li>\n<\/ul>\n<p>[\/et_pb_text][\/et_pb_column][\/et_pb_row][\/et_pb_section]<\/p>\n","protected":false},"excerpt":{"rendered":"<p>\u00bfQu\u00e9 es la Asociaci\u00f3n de Madres y Padres de Alumnos?La Asociaci\u00f3n de Madres y Padres de Alumnos quiere ser el camino\u00a0para la participaci\u00f3n de los padres en el \u00e1mbito escolar, colaborando\u00a0en la buena marcha del centro, promoviendo actividades y mejorando\u00a0equipamientos o materiales para el uso y aprovechamiento de los\u00a0alumnos directamente, mediante la cuota de socio [&hellip;]<\/p>\n","protected":false},"author":2,"featured_media":0,"parent":0,"menu_order":0,"comment_status":"closed","ping_status":"closed","template":"","meta":{"_et_pb_use_builder":"on","_et_pb_old_content":"","_et_gb_content_width":"","footnotes":""},"class_list":["post-9773","page","type-page","status-publish","hentry"],"yoast_head":"<!-- This site is optimized with the Yoast SEO plugin v28.3 - https:\/\/yoast.com\/product\/yoast-seo-wordpress\/ -->\n<title>Con\u00f3cenos - Colegio<\/title>\n<meta name=\"robots\" content=\"index, follow, max-snippet:-1, max-image-preview:large, max-video-preview:-1\" \/>\n<link rel=\"canonical\" href=\"https:\/\/utrera.salesianos.edu\/colegio\/ampa\/\" \/>\n<meta property=\"og:locale\" content=\"es_ES\" \/>\n<meta property=\"og:type\" content=\"article\" \/>\n<meta property=\"og:title\" content=\"Con\u00f3cenos - Colegio\" \/>\n<meta property=\"og:description\" content=\"\u00bfQu\u00e9 es la Asociaci\u00f3n de Madres y Padres de Alumnos?La Asociaci\u00f3n de Madres y Padres de Alumnos quiere ser el camino\u00a0para la participaci\u00f3n de los padres en el \u00e1mbito escolar, colaborando\u00a0en la buena marcha del centro, promoviendo actividades y mejorando\u00a0equipamientos o materiales para el uso y aprovechamiento de los\u00a0alumnos directamente, mediante la cuota de socio [&hellip;]\" \/>\n<meta property=\"og:url\" content=\"https:\/\/utrera.salesianos.edu\/colegio\/ampa\/\" \/>\n<meta property=\"og:site_name\" content=\"Colegio\" \/>\n<meta property=\"article:modified_time\" content=\"2024-02-10T17:42:20+00:00\" \/>\n<meta name=\"twitter:card\" content=\"summary_large_image\" \/>\n<meta name=\"twitter:label1\" content=\"Tiempo de lectura\" \/>\n\t<meta name=\"twitter:data1\" content=\"2 minutos\" \/>\n<script type=\"application\/ld+json\" class=\"yoast-schema-graph\">{\"@context\":\"https:\\\/\\\/schema.org\",\"@graph\":[{\"@type\":\"WebPage\",\"@id\":\"https:\\\/\\\/utrera.salesianos.edu\\\/colegio\\\/ampa\\\/\",\"url\":\"https:\\\/\\\/utrera.salesianos.edu\\\/colegio\\\/ampa\\\/\",\"name\":\"Con\u00f3cenos - Colegio\",\"isPartOf\":{\"@id\":\"https:\\\/\\\/utrera.salesianos.edu\\\/colegio\\\/#website\"},\"datePublished\":\"2018-09-18T10:50:21+00:00\",\"dateModified\":\"2024-02-10T17:42:20+00:00\",\"breadcrumb\":{\"@id\":\"https:\\\/\\\/utrera.salesianos.edu\\\/colegio\\\/ampa\\\/#breadcrumb\"},\"inLanguage\":\"es\",\"potentialAction\":[{\"@type\":\"ReadAction\",\"target\":[\"https:\\\/\\\/utrera.salesianos.edu\\\/colegio\\\/ampa\\\/\"]}]},{\"@type\":\"BreadcrumbList\",\"@id\":\"https:\\\/\\\/utrera.salesianos.edu\\\/colegio\\\/ampa\\\/#breadcrumb\",\"itemListElement\":[{\"@type\":\"ListItem\",\"position\":1,\"name\":\"Portada\",\"item\":\"https:\\\/\\\/utrera.salesianos.edu\\\/colegio\\\/\"},{\"@type\":\"ListItem\",\"position\":2,\"name\":\"Con\u00f3cenos\"}]},{\"@type\":\"WebSite\",\"@id\":\"https:\\\/\\\/utrera.salesianos.edu\\\/colegio\\\/#website\",\"url\":\"https:\\\/\\\/utrera.salesianos.edu\\\/colegio\\\/\",\"name\":\"Colegio\",\"description\":\"P\u00e1gina oficial Salesianos Utrera\",\"potentialAction\":[{\"@type\":\"SearchAction\",\"target\":{\"@type\":\"EntryPoint\",\"urlTemplate\":\"https:\\\/\\\/utrera.salesianos.edu\\\/colegio\\\/?s={search_term_string}\"},\"query-input\":{\"@type\":\"PropertyValueSpecification\",\"valueRequired\":true,\"valueName\":\"search_term_string\"}}],\"inLanguage\":\"es\"}]}<\/script>\n<!-- \/ Yoast SEO plugin. -->","yoast_head_json":{"title":"Con\u00f3cenos - Colegio","robots":{"index":"index","follow":"follow","max-snippet":"max-snippet:-1","max-image-preview":"max-image-preview:large","max-video-preview":"max-video-preview:-1"},"canonical":"https:\/\/utrera.salesianos.edu\/colegio\/ampa\/","og_locale":"es_ES","og_type":"article","og_title":"Con\u00f3cenos - Colegio","og_description":"\u00bfQu\u00e9 es la Asociaci\u00f3n de Madres y Padres de Alumnos?La Asociaci\u00f3n de Madres y Padres de Alumnos quiere ser el camino\u00a0para la participaci\u00f3n de los padres en el \u00e1mbito escolar, colaborando\u00a0en la buena marcha del centro, promoviendo actividades y mejorando\u00a0equipamientos o materiales para el uso y aprovechamiento de los\u00a0alumnos directamente, mediante la cuota de socio [&hellip;]","og_url":"https:\/\/utrera.salesianos.edu\/colegio\/ampa\/","og_site_name":"Colegio","article_modified_time":"2024-02-10T17:42:20+00:00","twitter_card":"summary_large_image","twitter_misc":{"Tiempo de lectura":"2 minutos"},"schema":{"@context":"https:\/\/schema.org","@graph":[{"@type":"WebPage","@id":"https:\/\/utrera.salesianos.edu\/colegio\/ampa\/","url":"https:\/\/utrera.salesianos.edu\/colegio\/ampa\/","name":"Con\u00f3cenos - Colegio","isPartOf":{"@id":"https:\/\/utrera.salesianos.edu\/colegio\/#website"},"datePublished":"2018-09-18T10:50:21+00:00","dateModified":"2024-02-10T17:42:20+00:00","breadcrumb":{"@id":"https:\/\/utrera.salesianos.edu\/colegio\/ampa\/#breadcrumb"},"inLanguage":"es","potentialAction":[{"@type":"ReadAction","target":["https:\/\/utrera.salesianos.edu\/colegio\/ampa\/"]}]},{"@type":"BreadcrumbList","@id":"https:\/\/utrera.salesianos.edu\/colegio\/ampa\/#breadcrumb","itemListElement":[{"@type":"ListItem","position":1,"name":"Portada","item":"https:\/\/utrera.salesianos.edu\/colegio\/"},{"@type":"ListItem","position":2,"name":"Con\u00f3cenos"}]},{"@type":"WebSite","@id":"https:\/\/utrera.salesianos.edu\/colegio\/#website","url":"https:\/\/utrera.salesianos.edu\/colegio\/","name":"Colegio","description":"P\u00e1gina oficial Salesianos Utrera","potentialAction":[{"@type":"SearchAction","target":{"@type":"EntryPoint","urlTemplate":"https:\/\/utrera.salesianos.edu\/colegio\/?s={search_term_string}"},"query-input":{"@type":"PropertyValueSpecification","valueRequired":true,"valueName":"search_term_string"}}],"inLanguage":"es"}]}},"_links":{"self":[{"href":"https:\/\/utrera.salesianos.edu\/colegio\/wp-json\/wp\/v2\/pages\/9773","targetHints":{"allow":["GET"]}}],"collection":[{"href":"https:\/\/utrera.salesianos.edu\/colegio\/wp-json\/wp\/v2\/pages"}],"about":[{"href":"https:\/\/utrera.salesianos.edu\/colegio\/wp-json\/wp\/v2\/types\/page"}],"author":[{"embeddable":true,"href":"https:\/\/utrera.salesianos.edu\/colegio\/wp-json\/wp\/v2\/users\/2"}],"replies":[{"embeddable":true,"href":"https:\/\/utrera.salesianos.edu\/colegio\/wp-json\/wp\/v2\/comments?post=9773"}],"version-history":[{"count":18,"href":"https:\/\/utrera.salesianos.edu\/colegio\/wp-json\/wp\/v2\/pages\/9773\/revisions"}],"predecessor-version":[{"id":16491,"href":"https:\/\/utrera.salesianos.edu\/colegio\/wp-json\/wp\/v2\/pages\/9773\/revisions\/16491"}],"wp:attachment":[{"href":"https:\/\/utrera.salesianos.edu\/colegio\/wp-json\/wp\/v2\/media?parent=9773"}],"curies":[{"name":"wp","href":"https:\/\/api.w.org\/{rel}","templated":true}]}}