{"id":9430,"date":"2018-10-17T15:29:30","date_gmt":"2018-10-17T13:29:30","guid":{"rendered":"http:\/\/utrera.salesianos.edu\/obrasalesiana\/identidad\/"},"modified":"2023-11-06T18:30:38","modified_gmt":"2023-11-06T17:30:38","slug":"identidad","status":"publish","type":"page","link":"https:\/\/utrera.salesianos.edu\/obrasalesiana\/identidad\/","title":{"rendered":"Identidad"},"content":{"rendered":"<div id=\"fb-root\"><\/div>\n<p>[et_pb_section fb_built=\u00bb1&#8243; fullwidth=\u00bbon\u00bb _builder_version=\u00bb4.16&#8243; global_colors_info=\u00bb{}\u00bb][et_pb_fullwidth_header title=\u00bbIdentidad\u00bb module_class=\u00bbpagina-imagen-cabecera\u00bb _builder_version=\u00bb4.23&#8243; title_font=\u00bbAmatic SC||||||||\u00bb background_color=\u00bbrgba(255, 255, 255, 0)\u00bb background_image=\u00bbhttps:\/\/inspectoria.salesianos.edu\/wp-content\/uploads\/2017\/09\/ImagenPAGINA.jpg\u00bb background_layout=\u00bblight\u00bb max_width_tablet=\u00bb50px\u00bb hover_enabled=\u00bb0&#8243; text_shadow_style=\u00bbpreset3&#8243; global_colors_info=\u00bb{}\u00bb button_one_text_size__hover_enabled=\u00bboff\u00bb button_two_text_size__hover_enabled=\u00bboff\u00bb button_one_text_color__hover_enabled=\u00bboff\u00bb button_two_text_color__hover_enabled=\u00bboff\u00bb button_one_border_width__hover_enabled=\u00bboff\u00bb button_two_border_width__hover_enabled=\u00bboff\u00bb button_one_border_color__hover_enabled=\u00bboff\u00bb button_two_border_color__hover_enabled=\u00bboff\u00bb button_one_border_radius__hover_enabled=\u00bboff\u00bb button_two_border_radius__hover_enabled=\u00bboff\u00bb button_one_letter_spacing__hover_enabled=\u00bboff\u00bb button_two_letter_spacing__hover_enabled=\u00bboff\u00bb button_one_bg_color__hover_enabled=\u00bboff\u00bb button_two_bg_color__hover_enabled=\u00bboff\u00bb sticky_enabled=\u00bb0&#8243;][\/et_pb_fullwidth_header][\/et_pb_section][et_pb_section fb_built=\u00bb1&#8243; admin_label=\u00bbsection\u00bb _builder_version=\u00bb4.16&#8243; global_colors_info=\u00bb{}\u00bb][et_pb_row column_structure=\u00bb1_4,3_4&#8243; _builder_version=\u00bb4.16&#8243; custom_margin=\u00bb25px|||\u00bb custom_padding=\u00bb25px|||\u00bb global_colors_info=\u00bb{}\u00bb][et_pb_column type=\u00bb1_4&#8243; _builder_version=\u00bb4.16&#8243; custom_padding=\u00bb|||\u00bb global_colors_info=\u00bb{}\u00bb custom_padding__hover=\u00bb|||\u00bb][et_pb_image src=\u00bbhttps:\/\/utrera.salesianos.edu\/obrasalesiana\/wp-content\/uploads\/sites\/7\/2023\/11\/icon.png\u00bb alt=\u00bbLogo de los Salesianos\u00bb title_text=\u00bbicon\u00bb align=\u00bbcenter\u00bb align_tablet=\u00bbcenter\u00bb align_phone=\u00bbcenter\u00bb align_last_edited=\u00bbon|desktop\u00bb _builder_version=\u00bb4.23&#8243; max_width=\u00bb130px\u00bb animation_style=\u00bbslide\u00bb animation_direction=\u00bbright\u00bb animation_duration=\u00bb500ms\u00bb animation_intensity_slide=\u00bb10%\u00bb animation=\u00bbright\u00bb border_style=\u00bbsolid\u00bb always_center_on_mobile=\u00bbon\u00bb global_colors_info=\u00bb{}\u00bb][\/et_pb_image][\/et_pb_column][et_pb_column type=\u00bb3_4&#8243; _builder_version=\u00bb4.16&#8243; custom_padding=\u00bb|||\u00bb global_colors_info=\u00bb{}\u00bb custom_padding__hover=\u00bb|||\u00bb][et_pb_text _builder_version=\u00bb4.16&#8243; global_colors_info=\u00bb{}\u00bb]<\/p>\n<h1>\u00bfQui\u00e9nes somos los Salesianos?<\/h1>\n<p>[\/et_pb_text][et_pb_text _builder_version=\u00bb4.16&#8243; global_colors_info=\u00bb{}\u00bb]En nuestra casa, los\u00a0<strong>Salesianos<\/strong>\u00a0estamos presentes y\u00a0<strong>acompa\u00f1amos a grupos, equipos y personas<\/strong>\u00a0creyentes que son la base de una\u00a0<strong>comunidad cristiana de referencia<\/strong>\u00a0que hace posible la labor educativa y evangelizadora de nuestros proyectos y ambientes propios. A nosotros, los Salesianos, nos mueve una\u00a0<strong>identidad<\/strong>, una\u00a0<strong>misi\u00f3n<\/strong>\u00a0y una\u00a0<strong>espiritualidad propia<\/strong>.<br \/>\n[\/et_pb_text][\/et_pb_column][\/et_pb_row][et_pb_row _builder_version=\u00bb4.16&#8243; global_colors_info=\u00bb{}\u00bb][et_pb_column type=\u00bb4_4&#8243; _builder_version=\u00bb4.16&#8243; custom_padding=\u00bb|||\u00bb global_colors_info=\u00bb{}\u00bb custom_padding__hover=\u00bb|||\u00bb][et_pb_tabs _builder_version=\u00bb4.16&#8243; tab_font=\u00bbAmatic SC||||\u00bb tab_font_size=\u00bb24px\u00bb hover_enabled=\u00bb0&#8243; global_colors_info=\u00bb{}\u00bb sticky_enabled=\u00bb0&#8243;][et_pb_tab title=\u00bbIdentidad\u00bb _builder_version=\u00bb4.16&#8243; body_font=\u00bb||||\u00bb tab_font=\u00bb||||\u00bb global_colors_info=\u00bb{}\u00bb]<\/p>\n<h2>Nuestra identidad<\/h2>\n<p>Los Salesianos somos una\u00a0<strong>congregaci\u00f3n de religiosos<\/strong>\u00a0pertenecientes a la Iglesia Cat\u00f3lica, fundados por San Juan Bosco. Nuestro nombre oficial es Sociedad de San Francisco de Sales, pues Don Bosco, as\u00ed nos referimos familiarmente a nuestro Fundador, eligi\u00f3 a este santo como modelo por su amabilidad y pasi\u00f3n evangelizadora. Com\u00fanmente se nos conoce por Salesianos de Don Bosco (SDB) o simplemente Salesianos. Nuestra Congregaci\u00f3n est\u00e1 formada por salesianos sacerdotes y salesianos laicos.<\/p>\n<p>El art\u00edculo 2 de nuestras Constituciones dice:<\/p>\n<p>\u201c<em>Los salesianos de Don Bosco (SDB) formamos una comunidad de bautizados que, d\u00f3ciles a la voz del Esp\u00edritu, nos proponemos realizar, en una forma espec\u00edfica de vida religiosa, el proyecto apost\u00f3lico del Fundador: Ser en la Iglesia signos y portadores del amor de Dios a los j\u00f3venes, especialmente a los m\u00e1s pobres. En el cumplimiento de esta misi\u00f3n encontramos el camino de nuestra santificaci\u00f3n<\/em>\u201d.<br \/>\n[\/et_pb_tab][et_pb_tab title=\u00bbMisi\u00f3n\u00bb _builder_version=\u00bb4.16&#8243; body_font=\u00bb||||\u00bb tab_font=\u00bb||||\u00bb global_colors_info=\u00bb{}\u00bb]<\/p>\n<h2>\u00bfCu\u00e1l es nuestra misi\u00f3n?<\/h2>\n<p><span lang=\"ES\">Nuestra misi\u00f3n, dentro de la Iglesia, es la\u00a0<strong>educaci\u00f3n y la evangelizaci\u00f3n de los j\u00f3venes<\/strong>. El proyecto educativo pastoral que queremos realizar en todas nuestras obras est\u00e1 orientado a la promoci\u00f3n integral de la persona del joven y sus ra\u00edces son el humanismo cristiano.<\/span><\/p>\n<p><span lang=\"ES\">Nuestras Constituciones lo expresan as\u00ed:<\/span><\/p>\n<blockquote><p><span lang=\"ES\">\u201c<em>Fieles a los compromisos heredados de Don Bosco, somos evangelizadores de los j\u00f3venes; tenemos cuidado especial de las vocaciones apost\u00f3licas; somos educadores de la fe en ambientes populares, sobre todo con la comunicaci\u00f3n social, y anunciamos el Evangelio a los pueblos que no creen<\/em>\u201d (Art. 6).<\/span><\/p><\/blockquote>\n<p><span lang=\"ES\">Extendidos por todo el mundo,\u00a0<strong>trabajamos en 130 pa\u00edses<\/strong>, ejercemos nuestra acci\u00f3n en Centros Juveniles, Colegios, Escuelas de Formaci\u00f3n Profesional, Parroquias, Centros de asistencia a marginados, Escuelas de Formaci\u00f3n del Profesorado, Universidades, Residencias, Misiones, centros de comunicaci\u00f3n social y otras presencias al servicio de la juventud.<\/span><\/p>\n<p><span lang=\"ES\">Los Salesianos de Don Bosco somos unos 16.700 repartidos por los cinco continentes y distribuidos en 95 Inspector\u00edas o Provincias religiosas.<\/span><\/p>\n<p><span lang=\"ES\">De ellos, la obra de Don Bosco\u00a0<strong>en Espa\u00f1a<\/strong>\u00a0cuenta con unos 1.300 salesianos, sacerdotes y salesianos laicos, distribuidos en dos Inspector\u00edas o Provincias Religiosas: Mar\u00eda Auxiliadora con sede en Sevilla y Santiago el Mayo con sede en Madrid. Vivimos en comunidades, 155 en Espa\u00f1a, desde las que nos dedicamos a la educaci\u00f3n y evangelizaci\u00f3n de los j\u00f3venes, preferentemente de las clases populares.<\/span><br \/>\n[\/et_pb_tab][et_pb_tab title=\u00bbEspiritualidad\u00bb _builder_version=\u00bb4.16&#8243; body_font=\u00bb||||\u00bb tab_font=\u00bb||||\u00bb global_colors_info=\u00bb{}\u00bb]<\/p>\n<h2>La espiritualidad salesiana<\/h2>\n<p>Cuando decimos \u201c<b>Espiritualidad Salesiana<\/b>\u201d nos referimos a los rasgos espirituales propios de todas aquellas personas que, dentro de un grupo reconocido como los Salesianos, que comparten verdadero parentesco espiritual y apost\u00f3lico como herederos y portadores del esp\u00edritu y la misi\u00f3n que El Esp\u00edritu Santo confi\u00f3 a Don Bosco para la vida de la Iglesia.<\/p>\n<h3>\u00bfCu\u00e1les son esos\u00a0<strong>rasgos propios<\/strong>\u00a0de nuestra espiritualidad?<\/h3>\n<ul>\n<li>La caridad pastoral sin l\u00edmites.<\/li>\n<li>La gracia de unidad que busca el equilibrio de vida.<\/li>\n<li>El estilo de oraci\u00f3n festivo y sencillo.<\/li>\n<li>La misi\u00f3n juvenil y popular abierta a todos<\/li>\n<li>El optimismo y el gozo de la esperanza.<\/li>\n<li>La ascesis de la bondad y la amabilidad que crea familia<\/li>\n<li>El Trabajo y la Templanza.<\/li>\n<li>El esp\u00edritu de iniciativa.<\/li>\n<li>El arraigo en el misterio de Cristo y la vida en manos de Mar\u00eda.<\/li>\n<li>El sentido de Iglesia<\/li>\n<\/ul>\n<p>[\/et_pb_tab][\/et_pb_tabs][\/et_pb_column][\/et_pb_row][\/et_pb_section]<\/p>\n","protected":false},"excerpt":{"rendered":"<p>\u00bfQui\u00e9nes somos los Salesianos? En nuestra casa, los\u00a0Salesianos\u00a0estamos presentes y\u00a0acompa\u00f1amos a grupos, equipos y personas\u00a0creyentes que son la base de una\u00a0comunidad cristiana de referencia\u00a0que hace posible la labor educativa y evangelizadora de nuestros proyectos y ambientes propios. A nosotros, los Salesianos, nos mueve una\u00a0identidad, una\u00a0misi\u00f3n\u00a0y una\u00a0espiritualidad propia. Nuestra identidad Los Salesianos somos una\u00a0congregaci\u00f3n de religiosos\u00a0pertenecientes [&hellip;]<\/p>\n","protected":false},"author":2,"featured_media":0,"parent":0,"menu_order":0,"comment_status":"closed","ping_status":"closed","template":"","meta":{"_et_pb_use_builder":"on","_et_pb_old_content":"","_et_gb_content_width":"","footnotes":""},"class_list":["post-9430","page","type-page","status-publish","hentry"],"yoast_head":"<!-- This site is optimized with the Yoast SEO plugin v28.3 - https:\/\/yoast.com\/product\/yoast-seo-wordpress\/ -->\n<title>Identidad - Obra Salesiana<\/title>\n<meta name=\"robots\" content=\"index, follow, max-snippet:-1, max-image-preview:large, max-video-preview:-1\" \/>\n<link rel=\"canonical\" href=\"https:\/\/utrera.salesianos.edu\/obrasalesiana\/identidad\/\" \/>\n<meta property=\"og:locale\" content=\"es_ES\" \/>\n<meta property=\"og:type\" content=\"article\" \/>\n<meta property=\"og:title\" content=\"Identidad - Obra Salesiana\" \/>\n<meta property=\"og:description\" content=\"\u00bfQui\u00e9nes somos los Salesianos? En nuestra casa, los\u00a0Salesianos\u00a0estamos presentes y\u00a0acompa\u00f1amos a grupos, equipos y personas\u00a0creyentes que son la base de una\u00a0comunidad cristiana de referencia\u00a0que hace posible la labor educativa y evangelizadora de nuestros proyectos y ambientes propios. A nosotros, los Salesianos, nos mueve una\u00a0identidad, una\u00a0misi\u00f3n\u00a0y una\u00a0espiritualidad propia. Nuestra identidad Los Salesianos somos una\u00a0congregaci\u00f3n de religiosos\u00a0pertenecientes [&hellip;]\" \/>\n<meta property=\"og:url\" content=\"https:\/\/utrera.salesianos.edu\/obrasalesiana\/identidad\/\" \/>\n<meta property=\"og:site_name\" content=\"Obra Salesiana\" \/>\n<meta property=\"article:modified_time\" content=\"2023-11-06T17:30:38+00:00\" \/>\n<meta name=\"twitter:card\" content=\"summary_large_image\" \/>\n<meta name=\"twitter:label1\" content=\"Tiempo de lectura\" \/>\n\t<meta name=\"twitter:data1\" content=\"3 minutos\" \/>\n<script type=\"application\/ld+json\" class=\"yoast-schema-graph\">{\"@context\":\"https:\\\/\\\/schema.org\",\"@graph\":[{\"@type\":\"WebPage\",\"@id\":\"https:\\\/\\\/utrera.salesianos.edu\\\/obrasalesiana\\\/identidad\\\/\",\"url\":\"https:\\\/\\\/utrera.salesianos.edu\\\/obrasalesiana\\\/identidad\\\/\",\"name\":\"Identidad - Obra Salesiana\",\"isPartOf\":{\"@id\":\"https:\\\/\\\/utrera.salesianos.edu\\\/obrasalesiana\\\/#website\"},\"datePublished\":\"2018-10-17T13:29:30+00:00\",\"dateModified\":\"2023-11-06T17:30:38+00:00\",\"breadcrumb\":{\"@id\":\"https:\\\/\\\/utrera.salesianos.edu\\\/obrasalesiana\\\/identidad\\\/#breadcrumb\"},\"inLanguage\":\"es\",\"potentialAction\":[{\"@type\":\"ReadAction\",\"target\":[\"https:\\\/\\\/utrera.salesianos.edu\\\/obrasalesiana\\\/identidad\\\/\"]}]},{\"@type\":\"BreadcrumbList\",\"@id\":\"https:\\\/\\\/utrera.salesianos.edu\\\/obrasalesiana\\\/identidad\\\/#breadcrumb\",\"itemListElement\":[{\"@type\":\"ListItem\",\"position\":1,\"name\":\"Portada\",\"item\":\"https:\\\/\\\/utrera.salesianos.edu\\\/obrasalesiana\\\/\"},{\"@type\":\"ListItem\",\"position\":2,\"name\":\"Identidad\"}]},{\"@type\":\"WebSite\",\"@id\":\"https:\\\/\\\/utrera.salesianos.edu\\\/obrasalesiana\\\/#website\",\"url\":\"https:\\\/\\\/utrera.salesianos.edu\\\/obrasalesiana\\\/\",\"name\":\"Obra Salesiana\",\"description\":\"P\u00e1gina oficial Salesianos Utrera\",\"potentialAction\":[{\"@type\":\"SearchAction\",\"target\":{\"@type\":\"EntryPoint\",\"urlTemplate\":\"https:\\\/\\\/utrera.salesianos.edu\\\/obrasalesiana\\\/?s={search_term_string}\"},\"query-input\":{\"@type\":\"PropertyValueSpecification\",\"valueRequired\":true,\"valueName\":\"search_term_string\"}}],\"inLanguage\":\"es\"}]}<\/script>\n<!-- \/ Yoast SEO plugin. -->","yoast_head_json":{"title":"Identidad - Obra Salesiana","robots":{"index":"index","follow":"follow","max-snippet":"max-snippet:-1","max-image-preview":"max-image-preview:large","max-video-preview":"max-video-preview:-1"},"canonical":"https:\/\/utrera.salesianos.edu\/obrasalesiana\/identidad\/","og_locale":"es_ES","og_type":"article","og_title":"Identidad - Obra Salesiana","og_description":"\u00bfQui\u00e9nes somos los Salesianos? En nuestra casa, los\u00a0Salesianos\u00a0estamos presentes y\u00a0acompa\u00f1amos a grupos, equipos y personas\u00a0creyentes que son la base de una\u00a0comunidad cristiana de referencia\u00a0que hace posible la labor educativa y evangelizadora de nuestros proyectos y ambientes propios. A nosotros, los Salesianos, nos mueve una\u00a0identidad, una\u00a0misi\u00f3n\u00a0y una\u00a0espiritualidad propia. Nuestra identidad Los Salesianos somos una\u00a0congregaci\u00f3n de religiosos\u00a0pertenecientes [&hellip;]","og_url":"https:\/\/utrera.salesianos.edu\/obrasalesiana\/identidad\/","og_site_name":"Obra Salesiana","article_modified_time":"2023-11-06T17:30:38+00:00","twitter_card":"summary_large_image","twitter_misc":{"Tiempo de lectura":"3 minutos"},"schema":{"@context":"https:\/\/schema.org","@graph":[{"@type":"WebPage","@id":"https:\/\/utrera.salesianos.edu\/obrasalesiana\/identidad\/","url":"https:\/\/utrera.salesianos.edu\/obrasalesiana\/identidad\/","name":"Identidad - Obra Salesiana","isPartOf":{"@id":"https:\/\/utrera.salesianos.edu\/obrasalesiana\/#website"},"datePublished":"2018-10-17T13:29:30+00:00","dateModified":"2023-11-06T17:30:38+00:00","breadcrumb":{"@id":"https:\/\/utrera.salesianos.edu\/obrasalesiana\/identidad\/#breadcrumb"},"inLanguage":"es","potentialAction":[{"@type":"ReadAction","target":["https:\/\/utrera.salesianos.edu\/obrasalesiana\/identidad\/"]}]},{"@type":"BreadcrumbList","@id":"https:\/\/utrera.salesianos.edu\/obrasalesiana\/identidad\/#breadcrumb","itemListElement":[{"@type":"ListItem","position":1,"name":"Portada","item":"https:\/\/utrera.salesianos.edu\/obrasalesiana\/"},{"@type":"ListItem","position":2,"name":"Identidad"}]},{"@type":"WebSite","@id":"https:\/\/utrera.salesianos.edu\/obrasalesiana\/#website","url":"https:\/\/utrera.salesianos.edu\/obrasalesiana\/","name":"Obra Salesiana","description":"P\u00e1gina oficial Salesianos Utrera","potentialAction":[{"@type":"SearchAction","target":{"@type":"EntryPoint","urlTemplate":"https:\/\/utrera.salesianos.edu\/obrasalesiana\/?s={search_term_string}"},"query-input":{"@type":"PropertyValueSpecification","valueRequired":true,"valueName":"search_term_string"}}],"inLanguage":"es"}]}},"_links":{"self":[{"href":"https:\/\/utrera.salesianos.edu\/obrasalesiana\/wp-json\/wp\/v2\/pages\/9430","targetHints":{"allow":["GET"]}}],"collection":[{"href":"https:\/\/utrera.salesianos.edu\/obrasalesiana\/wp-json\/wp\/v2\/pages"}],"about":[{"href":"https:\/\/utrera.salesianos.edu\/obrasalesiana\/wp-json\/wp\/v2\/types\/page"}],"author":[{"embeddable":true,"href":"https:\/\/utrera.salesianos.edu\/obrasalesiana\/wp-json\/wp\/v2\/users\/2"}],"replies":[{"embeddable":true,"href":"https:\/\/utrera.salesianos.edu\/obrasalesiana\/wp-json\/wp\/v2\/comments?post=9430"}],"version-history":[{"count":2,"href":"https:\/\/utrera.salesianos.edu\/obrasalesiana\/wp-json\/wp\/v2\/pages\/9430\/revisions"}],"predecessor-version":[{"id":9498,"href":"https:\/\/utrera.salesianos.edu\/obrasalesiana\/wp-json\/wp\/v2\/pages\/9430\/revisions\/9498"}],"wp:attachment":[{"href":"https:\/\/utrera.salesianos.edu\/obrasalesiana\/wp-json\/wp\/v2\/media?parent=9430"}],"curies":[{"name":"wp","href":"https:\/\/api.w.org\/{rel}","templated":true}]}}